{"id":683,"date":"2021-10-09T21:23:59","date_gmt":"2021-10-09T19:23:59","guid":{"rendered":"https:\/\/www.angelnails.sk\/web\/?page_id=683"},"modified":"2021-10-09T21:24:00","modified_gmt":"2021-10-09T19:24:00","slug":"podmienky-ochrany-sukromia","status":"publish","type":"page","link":"https:\/\/www.angelnails.sk\/web\/index.php\/podmienky-ochrany-sukromia\/","title":{"rendered":"Podmienky ochrany s\u00fakromia"},"content":{"rendered":"\n<h1 class=\"wp-block-heading\">Podmienky ochrany s\u00fakromia<\/h1>\n\n\n\n<p>Tieto Podmienky ochrany s\u00fakromia objas\u0148uj\u00fa sp\u00f4sob sprac\u00favania osobn\u00fdch \u00fadajov poskytovania slu\u017eieb spolo\u010dnosti ARUPA s.r.o., Slne\u010dn\u00e1 3, 94901 Nitra, zap\u00edsan\u00e1 v Obchodnom registri Okresn\u00e9ho s\u00fadu Nitra, oddiel: Sro, zlo\u017eka \u010d\u00edslo 42360\/N, I\u010cO: 50675508,\u00a0 \u010falej u\u017e iba ako <strong>ARUPA s.r.o<\/strong>.\u00a0alebo \u201emy\u201c.<\/p>\n\n\n\n<p>V&nbsp;pr\u00edpade ak\u00fdchko\u013evek ot\u00e1zok n\u00e1s pros\u00edm kontaktujte&nbsp; na ni\u017e\u0161ie uveden\u00fdch kontaktn\u00fdch \u00fadajoch:<\/p>\n\n\n\n<p><strong>e-mail:<\/strong>\u00a0<a href=\"mailto:milka@angelnails.sk\" target=\"_blank\" rel=\"noreferrer noopener\">milka@angelnail.sk<\/a><\/p>\n\n\n\n<p><strong>telefonick\u00fd kontakt:<\/strong>\u00a0+421 911 200298<\/p>\n\n\n\n<p><strong>kore\u0161ponden\u010dn\u00e1 adresa:<\/strong>\u00a0Slne\u010dn\u00e1 3, 94901 Nitra.<\/p>\n\n\n\n<p><strong>Sprac\u00favanie osobn\u00fdch \u00fadajov je z&nbsp;na\u0161ej strany nevyhnutn\u00e9 preto, aby sme mohli<\/strong><\/p>\n\n\n\n<ul class=\"wp-block-list\"><li>poskytova\u0165 na\u0161e slu\u017eby a produkty,<\/li><li>sprac\u00fava\u0165 osobn\u00e9 \u00fadaje na\u0161ich klientov,<\/li><li>sprac\u00fava\u0165 osobn\u00e9 \u00fadaje na\u0161ich zamestnancov,<\/li><li>sprac\u00fava\u0165 osobn\u00e9 \u00fadaje na\u0161ich dod\u00e1vate\u013eov a obchodn\u00fdch partnerov,<\/li><li>plni\u0165 z\u00e1konn\u00e9 a zmluvn\u00e9 povinnosti,<\/li><li>chr\u00e1ni\u0165 na\u0161e z\u00e1ujmy,<\/li><li>sprac\u00fava\u0165 \u0161tatistick\u00e9 \u00fakony.<\/li><\/ul>\n\n\n\n<p><strong>V&nbsp;r\u00e1mci \u010dinnosti na\u0161ej spolo\u010dnosti doch\u00e1dza k&nbsp;sprac\u00favaniu osobn\u00fdch \u00fadajov za \u00fa\u010delom<\/strong><\/p>\n\n\n\n<ul class=\"wp-block-list\"><li>person\u00e1lnych a mzdov\u00fdch \u00fa\u010delov na z\u00e1klade pr\u00e1vneho vz\u0165ahu,<\/li><li>zverej\u0148ovania fotografi\u00ed \u010dlenov t\u00edmu na z\u00e1klade s\u00fahlasu,<\/li><li>plnenia z\u00e1konn\u00fdch povinnost\u00ed,<\/li><li>poskytovania manik\u00e9rskych slu\u017eieb a o\u0161etren\u00ed na z\u00e1klade v\u00fdslovn\u00e9ho p\u00edsomn\u00e9ho s\u00fahlasu o zdrav\u00ed u fyzick\u00fdch os\u00f4b,<\/li><li>plnenia zmluvn\u00fdch vz\u0165ahov,<\/li><li>preukazovania, uplat\u0148ovania alebo obhajovania pr\u00e1vnych n\u00e1rokov na z\u00e1klade opr\u00e1vnen\u00e9ho z\u00e1ujmu. V ojedinel\u00fdch pr\u00edpadoch mus\u00edme preukazova\u0165, uplat\u0148ova\u0165 alebo obhajova\u0165 na\u0161e pr\u00e1vne n\u00e1roky s\u00fadnou alebo mimos\u00fadnou cestou, mus\u00edme niektor\u00e9 skuto\u010dnosti ozn\u00e1mi\u0165 org\u00e1nom verejnej moci. V pr\u00edpade, \u017ee ako klient z\u00e1va\u017ene poru\u0161\u00edte Va\u0161e zmluvn\u00e9 povinnosti neuhraden\u00edm V\u00e1\u0161ho z\u00e1v\u00e4zku \u2013 neuhrad\u00edte dohodnut\u00fa odmenu alebo nedodr\u017e\u00edte bez ospravedlnenia dohodnut\u00fd term\u00edn na o\u0161etrenie, m\u00f4\u017eeme v r\u00e1mci n\u00e1\u0161ho opr\u00e1vnen\u00e9ho z\u00e1ujmu tak\u00fato skuto\u010dnos\u0165 zaevidova\u0165 a po\u010das \u010fal\u0161ieho obdobia v\u00e1m obmedzi\u0165 poskytovanie slu\u017eieb.<\/li><li>zabezpe\u010dovania IT bezpe\u010dnosti na z\u00e1klade plnenia pr\u00e1vnych povinnost\u00ed,<\/li><li>zvy\u0161ovania povedomia v on-line prostred\u00ed na z\u00e1klade opr\u00e1vnen\u00e9ho z\u00e1ujmu. Pri p\u00edsan\u00ed blogov, PR \u010dl\u00e1nkov a organizovan\u00ed spolo\u010dn\u00fdch akci\u00ed sa spoliehame na n\u00e1\u0161 opr\u00e1vnen\u00fd z\u00e1ujem o udr\u017eiavan\u00ed korektn\u00fdch vz\u0165ahov s klientmi, spolupracovn\u00edkmi, obchodn\u00fdmi partnermi, \u010di odbornou verejnos\u0165ou zaoberaj\u00facou sa manik\u00farou. V pr\u00edpade potreby uverejnenia fotografie s Va\u0161ou osobou budeme od V\u00e1s vopred \u017eiada\u0165 udelenie jednozna\u010dn\u00e9ho s\u00fahlasu. Rovnako si ho budeme \u017eiada\u0165 aj v pr\u00edpade Va\u0161ej \u00fa\u010dasti v nami vyhl\u00e1senej spotrebite\u013eskej s\u00fa\u0165a\u017ei. Ak nie ste, ani ste neboli na\u0161im klientom, m\u00f4\u017eeme v\u00e1s po\u017eiada\u0165 o s\u00fahlas so zasielan\u00edm, ktor\u00fd je dobrovo\u013en\u00fd, ale jeho pr\u00edpadn\u00e9 neuvedenie nebude ma\u0165 \u017eiadny vplyv na poskytnutie na\u0161ich slu\u017eieb. Tie\u017e si uplat\u0148ujeme n\u00e1\u0161 opr\u00e1vnen\u00fd z\u00e1ujem pri\u00a0 sprac\u00favan\u00ed Va\u0161ich osobn\u00fdch \u00fadajov v r\u00e1mci na\u0161ich profilov zriaden\u00fdch na soci\u00e1lnych sie\u0165ach.<\/li><li>zasielania reklamn\u00fdch materi\u00e1lov u\u017e existuj\u00facim z\u00e1kazn\u00edkom na z\u00e1klade opr\u00e1vnen\u00e9ho z\u00e1ujmu. Obsahuje\u00a0 hlavne zasielanie e-mailov obsahuj\u00facich obchodn\u00e9 ozn\u00e1menia, novinky v p\u00f4soben\u00ed na\u0161ej spolo\u010dnosti, \u010di v odboroch manik\u00fary, ak\u010dn\u00fdch pon\u00fak, cenov\u00fdch zv\u00fdhodnen\u00ed vo vz\u0165ahu k na\u0161im u\u017e existuj\u00facich klientom.\u00a0 Z odberu reklamn\u00fdch materi\u00e1lov\u00a0 je mo\u017en\u00e9 kedyko\u013evek sa odhl\u00e1si\u0165 za\u0161krtnut\u00edm \u201eodhl\u00e1si\u0165\u201c alebo vo\u010di tomu poda\u0165 n\u00e1mietku. Na z\u00e1klade \u00a762 odst.3 Z\u00e1kona o elektronick\u00fdch komunik\u00e1ci\u00e1ch pova\u017eujeme zasielanie reklamn\u00fdch materi\u00e1lov vo vz\u0165ahu k podobn\u00fdm tovarom za povolen\u00e9 aj bez s\u00fahlasu.<\/li><li>organizovanie spotrebite\u013esk\u00fdch s\u00fa\u0165a\u017e\u00ed na z\u00e1klade s\u00fahlasu,<\/li><li>\u00fa\u010dtovn\u00fdch a da\u0148ov\u00fdch \u00fa\u010delov na z\u00e1klade plnenia z\u00e1konn\u00fdch povinnost\u00ed.<\/li><\/ul>\n\n\n\n<p><strong>Va\u0161e osobn\u00e9 \u00fadaje z\u00edskavame priamo od v\u00e1s na z\u00e1klade dobrovo\u013enosti a&nbsp;to<\/strong><\/p>\n\n\n\n<ul class=\"wp-block-list\"><li>osobnou, telefonickou alebo emailovou objedn\u00e1vkou,<\/li><li>od v\u00e1\u0161ho rodinn\u00e9ho pr\u00edslu\u0161n\u00edka, ktor\u00fd v\u00e1s objedn\u00e1va na slu\u017ebu. Nepriamym zdrojom z\u00edskania Va\u0161ich osobn\u00fdch \u00fadajov m\u00f4\u017ee by\u0165 aj v\u00e1\u0161 bl\u00edzky, ktor\u00fd v\u00e1s objedn\u00e1va na slu\u017ebu, alebo o\u0161etrenie. V tomto pr\u00edpade na\u0161i zamestnanci upozor\u0148uj\u00fa v\u00e1\u0161ho pr\u00edbuzn\u00e9ho o tom, \u017ee by mal v zmysle\u00a776 odst.6 Z\u00e1kona o ochrane osobn\u00fdch \u00fadajov predlo\u017ei\u0165 v\u00e1\u0161 predch\u00e1dzaj\u00faci p\u00edsomn\u00fd s\u00fahlas. V pr\u00edpade, ak objedn\u00e1va na o\u0161etrenie malolet\u00e9 die\u0165a jeho z\u00e1konn\u00fd z\u00e1stupca, nepotrebuje k tomu v\u00fdslovn\u00fd s\u00fahlas, okrem s\u00fahlasu na spracovanie osobn\u00fdch \u00fadajov&nbsp; o zdrav\u00ed.<\/li><li>registr\u00e1ciou na na\u0161ich str\u00e1nkach,<\/li><li>procesom uzatv\u00e1rania zmluvn\u00e9ho vz\u0165ahu s na\u0161ou organiz\u00e1ciou. Va\u0161e osobn\u00e9 \u00fadaje m\u00f4\u017eeme z\u00edska\u0165 od v\u00e1\u0161ho zamestn\u00e1vate\u013ea alebo organiz\u00e1cie, v s\u00favislosti s ktorou va\u0161e \u00fadaje sprac\u00favame. Ak sa osobn\u00e9 \u00fadaje t\u00fdkaj\u00fa zmluvn\u00e9ho vz\u0165ahu, naj\u010dastej\u0161ie ide o zmluvn\u00fa po\u017eiadavku alebo \u00fakon, ktor\u00fd je potrebn\u00fd na uzatvorenie zmluvy. V pr\u00edpade, ak ste \u010dlenom \u0161tatut\u00e1rneho org\u00e1nu na\u0161ej zmluvnej strany, alebo s ktorou jedn\u00e1me o uzatvoren\u00ed zmluvn\u00e9ho vz\u0165ahu. Va\u0161e \u00fadaje m\u00f4\u017eeme z\u00edska\u0165 aj z verejne dostupn\u00fdch zdrojov a registrov.<\/li><li>\u00fa\u010das\u0165ou na podujatiach organizovan\u00fdch na\u0161ou spolo\u010dnos\u0165ou,<\/li><li>\u00fa\u010das\u0165ou na na\u0161ej internetovej aktivite a soci\u00e1lnej sieti,<\/li><li>odoslan\u00edm kontaktn\u00e9ho formul\u00e1ra.<\/li><\/ul>\n\n\n\n<p><strong>Va\u0161e osobn\u00e9 \u00fadaje s\u00fa zdielan\u00e9 iba s opr\u00e1vnen\u00fdmi zamestnancami na\u0161ej spolo\u010dnosti alebo s preveren\u00fdmi tret\u00edmi stranami.<\/strong>&nbsp;Osobn\u00e9 \u00fadaje na\u0161ich&nbsp; zamestnancov, klientov, obchodn\u00fdch partnerov a in\u00fdch fyzick\u00fdch os\u00f4b poskytujeme len v nevyhnutnej miere a to nasledovn\u00fdm pr\u00edjemcom osobn\u00fdch \u00fadajov<\/p>\n\n\n\n<ul class=\"wp-block-list\"><li>preveren\u00fdm a riadne pr\u00e1vne zaviazan\u00fdm poskytovate\u013eom cloudov\u00fdch slu\u017eieb, slu\u017eieb BOZP a PO,  slu\u017eieb webhostingu, poskytovate\u013eom IT a organiza\u010dnej podpory na\u0161ej spolo\u010dnosti,<\/li><li>mzdov\u00fdm a \u00fa\u010dtovn\u00fdm spolo\u010dnostiam,<\/li><li>advok\u00e1tom a not\u00e1rom,<\/li><li>soci\u00e1lnej pois\u0165ovni, d\u00f4chodkov\u00fdm spr\u00e1vcovsk\u00fdm spolo\u010dnostiam, doplnkov\u00fdm d\u00f4chodkov\u00fdm spolo\u010dnostiam, \u00daradu soci\u00e1lnych vec\u00ed a rodiny, zdravotn\u00fdm pois\u0165ovniam,<\/li><li>po\u0161tov\u00fdm doru\u010dovate\u013eom a kuri\u00e9rskym slu\u017eb\u00e1m,<\/li><li>zamestnancom vy\u0161\u0161ie uveden\u00fdch os\u00f4b.<\/li><\/ul>\n\n\n\n<p>Ak sme vyzvan\u00ed org\u00e1nmi verejnej moci poskytn\u00fa\u0165 Va\u0161e osobn\u00e9 \u00fadaje, budeme sk\u00fama\u0165 legislat\u00edvou stanoven\u00e9 podmienky na ich spr\u00edstupnenie.<\/p>\n\n\n\n<p>Obmedzujeme ak\u00fdko\u013evek cezhrani\u010dn\u00fd prenos osobn\u00fdch \u00fadajov do tretieho sektoru mimo Eur\u00f3pskeho hospod\u00e1rskeho priestoru.<\/p>\n\n\n\n<p>Osobn\u00e9 \u00fadaje uchov\u00e1vame do obdobia, kedy je to nevyhnutn\u00e9 na \u00fakony vy\u017eaduj\u00face si sprac\u00favanie osobn\u00fdch \u00fadajov. Vo v\u0161eobecnosti doba uchov\u00e1vania osobn\u00fdch \u00fadajov vypl\u00fdva z pr\u00e1vnych predpisov. Ak z pr\u00e1vnych predpisov doba uchov\u00e1vania nevypl\u00fdva, dobu ich uchov\u00e1vania ur\u010duje na\u0161a spolo\u010dnos\u0165 vo vz\u0165ahu ku konkr\u00e9tnym \u00fa\u010delom. Ak sprac\u00favame Va\u0161e osobn\u00e9 \u00fadaje na z\u00e1klade s\u00fahlasu, sme povinn\u00ed po jeho odvolan\u00ed nesprac\u00fava\u0165 osobn\u00e9 \u00fadaje na jeho \u00fa\u010del. To v\u0161ak nevylu\u010duje, \u017ee m\u00f4\u017eeme Va\u0161e osobn\u00e9 \u00fadaje sprac\u00fava\u0165 na&nbsp; inom pr\u00e1vnom z\u00e1klade, najm\u00e4 ak ide o splnenie z\u00e1kladn\u00fdch povinnost\u00ed.<\/p>\n\n\n\n<p><strong>V\u0161eobecn\u00e1 doba na uchov\u00e1vanie osobn\u00fdch \u00fadajov<\/strong>&nbsp;<strong>na nami vymedzen\u00e9 \u00fa\u010dely<\/strong>&nbsp;je nasledovn\u00e1:<\/p>\n\n\n\n<ul class=\"wp-block-list\"><li>pre person\u00e1lne a mzdov\u00e9 \u00fa\u010dely po dobu trvania pracovn\u00e9ho pomeru a uplynut\u00ed z\u00e1konn\u00fdch leh\u00f4t pre uchov\u00e1vanie ur\u010dit\u00fdch typov dokumentov (spravidla rokov po uplynut\u00ed pracovn\u00e9ho pomeru),<\/li><li>pre zverej\u0148ovanie fotografi\u00ed \u010dlenov t\u00edmu po dobu trvania pracovn\u00e9ho pomeru,<\/li><li>pre poskytovanie slu\u017eieb manik\u00fary do odvolania v\u00fdslovne udelen\u00e9ho s\u00fahlasu alebo ak nebol zru\u0161en\u00fd s\u00fahlas, tak nie dlh\u0161ie ako tri roky od ukon\u010denia poskytovania slu\u017eieb,<\/li><li>pre spr\u00e1vu term\u00ednov nie dlh\u0161ie ako jeden rok po absolvovan\u00ed term\u00ednu,<\/li><li>pre zasielanie reklamn\u00fdch pon\u00fak do doby odhl\u00e1senia sa z odoberania let\u00e1kov alebo podania n\u00e1mietky na zasielanie reklamn\u00fdch materi\u00e1lov,<\/li><li>pre zvy\u0161ovanie povedomia na profiloch soci\u00e1lnych siet\u00ed a\u017e do odstr\u00e1nenia pr\u00edspevku dotknutou osobou, odstr\u00e1nenia pr\u00edspevku na\u0161ou spolo\u010dnos\u0165ou, zru\u0161en\u00edm profilu, \u017eiados\u0165ou dotknutej osoby o odstr\u00e1nenie osobn\u00fdch \u00fadajov, spravovan\u00edm siete pravidelne raz za rok,<\/li><li>pre preukazovanie, uplat\u0148ovanie a obhajovanie pr\u00e1vnych n\u00e1rokov a\u017e do doby preml\u010dania pr\u00e1vneho n\u00e1roku,<\/li><li>pre zabezpe\u010dovanie IT bezpe\u010dnosti jedenkr\u00e1t za rok,<\/li><li>pre plnenie zmluvn\u00fdch vz\u0165ahov do odoslania z\u00e1sielky, do troch rokov po ukon\u010den\u00ed p\u00edsomne uzatvoren\u00e9ho ak\u00e9hoko\u013evek vz\u0165ahu,<\/li><li>pre organizovanie spotrebite\u013esk\u00fdch s\u00fa\u0165a\u017e\u00ed do ukon\u010denia a vysporiadania z\u00e1v\u00e4zkov s\u00fa\u0165a\u017ee,<\/li><li>pre \u00fa\u010dtovn\u00e9 a da\u0148ov\u00e9 \u00fa\u010dely do desiatich rokov nasleduj\u00facich po \u00fa\u010dtovnom roku.<\/li><\/ul>\n\n\n\n<p><strong>Ak o&nbsp;V\u00e1s sprac\u00favame osobn\u00e9 \u00fadaje na z\u00e1klade V\u00e1\u0161ho s\u00fahlasu o&nbsp;sprac\u00favan\u00ed osobn\u00fdch \u00fadajov, m\u00e1te pr\u00e1vo kedyko\u013evek s\u00fahlas odvola\u0165.<\/strong><\/p>\n\n\n\n<p><strong>M\u00e1te pr\u00e1vo kedyko\u013evek namieta\u0165 vo\u010di sprac\u00favaniu Va\u0161ich osobn\u00fdch \u00fadajov na \u00fa\u010dely priameho marketingu.<\/strong><\/p>\n\n\n\n<p><strong>Pr\u00e1vo namietnu\u0165 m\u00e1te aj vo\u010di sprac\u00favaniu osobn\u00fdch \u00fadajov na z\u00e1klade opr\u00e1vnen\u00fdch z\u00e1ujmov, ktor\u00e9 sledujete a ktor\u00e9 s\u00fa vysvetlen\u00e9 vy\u0161\u0161ie. Toto pr\u00e1vo m\u00e1te aj vo\u010di sprac\u00favaniu osobn\u00fdch \u00fadajov vo\u010di sprac\u00favaniu na \u0161tatistick\u00e9 \u00fa\u010dely alebo vo\u010di sprac\u00favaniu na pr\u00e1vnom z\u00e1klade verejn\u00e9ho z\u00e1ujmu, ktor\u00e9 v\u0161ak nevykon\u00e1vame.<\/strong><\/p>\n\n\n\n<p>GDPR ustanovuje v\u0161eobecn\u00e9 podmienky v\u00fdkonu Va\u0161ich jednotliv\u00fdch pr\u00e1v. Va\u0161ou \u017eiados\u0165ou t\u00fdkaj\u00facou sa konkr\u00e9tneho pr\u00e1va sa budeme v\u017edy zaobera\u0165 a sk\u00fama\u0165 z h\u013eadiska pr\u00e1vnej \u00fapravy a na\u0161ej internej politiky pre vybavovanie podnetov dotknut\u00fdch os\u00f4b. Ako dotknut\u00e1 osoba m\u00e1te<\/p>\n\n\n\n<ul class=\"wp-block-list\"><li>pr\u00e1vo po\u017eiada\u0165 o pr\u00edstup k osobn\u00fdm \u00fadajom pod\u013ea \u010dl\u00e1nku 15 GDPR, ktor\u00e9 o V\u00e1s sprac\u00favame,<\/li><li>pr\u00e1vo na potvrdenie o tom, \u010di o V\u00e1s sprac\u00favame osobn\u00e9 \u00fadaje, pr\u00e1vo z\u00edska\u0165 pr\u00edstup k t\u00fdmto \u00fadajom a pr\u00e1vo z\u00edska\u0165 k\u00f3piu osobn\u00fdch \u00fadajov, ktor\u00e9 o V\u00e1s sprac\u00favame, ak je to technicky uskuto\u010dnite\u013en\u00e9,<\/li><li>pr\u00e1vo na opravu a doplnenie osobn\u00fdch \u00fadajov pod\u013ea \u010dl\u00e1nku 16 GDPR, ak o V\u00e1s sprac\u00favame nespr\u00e1vne alebo ne\u00faplne osobn\u00e9 \u00fadaje,<\/li><li>pr\u00e1vo na vymazanie Va\u0161ich osobn\u00fdch \u00fadajov pod\u013ea \u010dl\u00e1nku 17 GDPR,<\/li><li>pr\u00e1vo na obmedzenie sprac\u00favania osobn\u00fdch \u00fadajov pod\u013ea \u010dl\u00e1nku 18 GDPR,<\/li><li>pr\u00e1vo na prenosnos\u0165 \u00fadajov pod\u013ea \u010dl\u00e1nku 20.<\/li><\/ul>\n\n\n\n<p>Ak sa domnievate, \u017ee sprac\u00favame nespr\u00e1vne osobn\u00e9 \u00fadaje o V\u00e1s so zrete\u013eom na \u00fa\u010del a okolnosti a nem\u00f4\u017eete zmeni\u0165 tak\u00e9to osobn\u00e9 \u00fadaje prostredn\u00edctvom funkci\u00ed aplik\u00e1cie, \u00fa\u010dtu alebo webov\u00fdch str\u00e1nok, m\u00f4\u017eete po\u017eiada\u0165 o opravu nespr\u00e1vnych alebo doplnenie ne\u00fapln\u00fdch \u00fadajov prostredn\u00edctvom hore uveden\u00fdch kontaktn\u00fdch \u00fadajov.<\/p>\n\n\n\n<p><strong>Dopl\u0148uj\u00face vyhl\u00e1senie o oprave osobn\u00fdch \u00fadajov<\/strong>&nbsp;m\u00e1 obsahova\u0165<\/p>\n\n\n\n<ul class=\"wp-block-list\"><li>Va\u0161e meno a priezvisko,<\/li><li>kontaktn\u00e9 \u00fadaje,<\/li><li>relevantn\u00fd \u00fa\u010del sprac\u00favania \u2013 uve\u010fte, ak\u00e9ho \u00fa\u010delu sprac\u00favania sa Va\u0161a \u017eiados\u0165 t\u00fdka,<\/li><li>kontext, resp. vz\u0165ah medzi Vami a na\u0161ou spolo\u010dnos\u0165ou \u2013 uve\u010fte, \u010di ste n\u00e1\u0161 zamestnanec, obchodn\u00fd partner, z\u00e1ujemca o zamestnanie a pod.,<\/li><li>charakter Va\u0161ej opravy \u2013 vysvetlite, \u010di \u017eiadate opravu nespr\u00e1vnych osobn\u00fdch \u00fadajov alebo doplnenie ne\u00fapln\u00fdch osobn\u00fdch \u00fadajov,<\/li><li>s\u00favislosti Va\u0161ej \u017eiadosti o opravu \u2013 vysvetlite, pre\u010do sa domnievate, \u017ee sprac\u00favame Va\u0161e nespr\u00e1vne alebo ne\u00faplne osobn\u00e9 \u00fadaje,<\/li><li>oprava \u2013 uve\u010fte, ktor\u00e9 konkr\u00e9tne osobn\u00e9 \u00fadaje po\u017eadujete opravi\u0165 alebo doplni\u0165.<\/li><\/ul>\n\n\n\n<p>Toto dopl\u0148uj\u00face vyhl\u00e1senie o oprave osobn\u00fdch \u00fadajov n\u00e1m za\u0161lite na\u00a0<a href=\"mailto:milka@angelnails.sk\">milka@angelnails.sk<\/a><\/p>\n\n\n\n<p>Taktie\u017e m\u00e1te pr\u00e1vo kedyko\u013evek poda\u0165 s\u0165a\u017enos\u0165 \u00daradu na ochranu osobn\u00fdch \u00fadajov Slovenskej republiky alebo obr\u00e1ti\u0165 sa so \u017ealobou na pr\u00edslu\u0161n\u00fd s\u00fad. V ka\u017edom pr\u00edpade odpor\u00fa\u010dame ak\u00e9ko\u013evek spory, ot\u00e1zky alebo n\u00e1mietky rie\u0161i\u0165 prim\u00e1rne komunik\u00e1ciou s nami.<\/p>\n\n\n\n<p>Na\u0161e webov\u00e9 str\u00e1nky m\u00f4\u017eu obsahova\u0165 prepojenia (linky) na in\u00e9 webov\u00e9 str\u00e1nky alebo slu\u017eby in\u00fdch poskytovate\u013eov (napr. tzv. reCAPTCHA od spolo\u010dnosti Google Inc.). Nie sme zodpovedn\u00ed za obsah a spravovanie webov\u00fdch str\u00e1nok, \u010di slu\u017eieb in\u00fdch Poskytovate\u013eov, na ktor\u00e9 odkazujeme. Tieto podmienky ochrany s\u00fakromia sa nevz\u0165ahuj\u00fa na sprac\u00favanie osobn\u00fdch \u00fadajov v r\u00e1mci V\u00e1\u0161ho pohybu na in\u00fdch webov\u00fdch str\u00e1nkach.<\/p>\n\n\n\n<p>Odpor\u00fa\u010dame V\u00e1m obozn\u00e1mi\u0165 sa s podmienkami ochrany s\u00fakromia poskytovate\u013eov platforiem soci\u00e1lnych siet\u00ed a alebo m\u00e9di\u00ed, cez ktor\u00e9 spolu komunikujeme. Na\u0161e podmienky ochrany s\u00fakromia vysvet\u013euj\u00fa len z\u00e1kladn\u00e9 ot\u00e1zky t\u00fdkaj\u00face sa spr\u00e1vy na\u0161ich profilov. M\u00e1me iba typick\u00e9 administr\u00e1torsk\u00e9 opr\u00e1vnenia pri sprac\u00favan\u00ed Va\u0161ich osobn\u00fdch \u00fadajov cez na\u0161e alebo klientske profily. Predpoklad\u00e1me, \u017ee pou\u017e\u00edvan\u00edm soci\u00e1lnych siet\u00ed rozumiete, \u017ee Va\u0161e osobn\u00e9 \u00fadaje s\u00fa prim\u00e1rne sprac\u00favan\u00e9 poskytovate\u013emi platforiem soci\u00e1lnych siet\u00ed (ako Facebook a Youtube) a \u017ee nad t\u00fdmto sprac\u00favan\u00edm, \u010fal\u0161\u00edm poskytovan\u00edm Va\u0161ich osobn\u00fdch \u00fadajov tret\u00edm stran\u00e1m a cezhrani\u010dn\u00fdm prenosom do tret\u00edch kraj\u00edn, ktor\u00e9 vykon\u00e1vaj\u00fa dan\u00ed poskytovatelia platforiem soci\u00e1lnych siet\u00ed, nem\u00e1me \u017eiadnu kontrolu a nezodpoved\u00e1me za\u0148.<\/p>\n\n\n\n<p>ARUPA s.r.o. m\u00e1 zriaden\u00fd ofici\u00e1lny profil &#8211; <strong>ARUPA sro<\/strong> a <strong>Angel Nails &#8211; G\u00e9lov\u00e9 nechty<\/strong> (tzv. Fan page) na soci\u00e1lnej sieti Facebook, ktor\u00fa prev\u00e1dzkuje spolo\u010dnos\u0165 Facebook Inc., 1601 South California Avenue, Palo Alto, CA 94304, USA (\u201eFacebook\u201c), ktor\u00e1 m\u00e1 na \u00fazem\u00ed E\u00da hlavn\u00fa prev\u00e1dzkare\u0148 v \u00cdrsku, ktor\u00fa spravuje spolo\u010dnos\u0165 Facebook Ireland Limited. Aktu\u00e1lne nevyu\u017e\u00edvame spolo\u010dnos\u0165 Facebook ako n\u00e1\u0161ho sprostredkovate\u013ea, a preto nem\u00e1me \u017eiadny vplyv na \u00a0sprac\u00favanie Va\u0161ich osobn\u00fdch \u00fadajov zo strany Facebooku v postaven\u00ed prev\u00e1dzkovate\u013ea. Facebook uklad\u00e1 z\u00edskan\u00e9 \u00fadaje o v\u00e1s ako pou\u017e\u00edvate\u013esk\u00e9 profily a pou\u017e\u00edva ich na vlastn\u00e9 \u00fa\u010dely reklamy, prieskumu trhu a\/alebo prisp\u00f4sobenie svojich slu\u017eieb a n\u00e1strojom registrovan\u00fdm pou\u017e\u00edvate\u013eom.<\/p>\n\n\n\n<p>Tak\u00e9to hodnotenie sa vykon\u00e1va najm\u00e4 s cie\u013eom informova\u0165 ostatn\u00fdch pou\u017e\u00edvate\u013eov Facebooku o va\u0161ich aktivit\u00e1ch na na\u0161om FAN page.<\/p>\n\n\n\n<p>M\u00e1te n\u00e1rok vznies\u0165 n\u00e1mietku vo\u010di vytv\u00e1raniu tak\u00fdchto pou\u017e\u00edvate\u013esk\u00fdch profilov, pri\u010dom s n\u00e1mietkou sa mus\u00edte obr\u00e1ti\u0165 na spolo\u010dnos\u0165 Facebook. Po skon\u010den\u00ed pou\u017e\u00edvania Facebooku v\u00e1m odpor\u00fa\u010dame v\u017edy sa odhl\u00e1si\u0165 najm\u00e4 z toho d\u00f4vodu, aby ste sa vyhli priradeniu va\u0161ej \u010dinnosti na internete k v\u00e1\u0161mu profilu. \u010eal\u0161ie inform\u00e1cie o \u00fa\u010dele a rozsahu zis\u0165ovania a spracovania \u00fadajov prostredn\u00edctvom spolo\u010dnosti Facebook z\u00edskate vo Vyhl\u00e1sen\u00ed o ochrane osobn\u00fdch \u00fadajov spolo\u010dnosti Facebook na nasleduj\u00facom linku:&nbsp;<a href=\"https:\/\/www.facebook.com\/policy.php\">https:\/\/www.facebook.com\/policy.php<\/a>.<\/p>\n\n\n\n<p>Podmienky ochrany s\u00fakromia sl\u00fa\u017eia na splnenie informa\u010dn\u00fdch povinnost\u00ed pod\u013ea \u010dl\u00e1nku 13 a 14 GDPR vo\u010di dotknut\u00fdm osob\u00e1m, o ktor\u00fdch sprac\u00favame osobn\u00e9 \u00fadaje \u2013 ide o na\u0161ich zamestnancov, klientov, dod\u00e1vate\u013eov alebo obchodn\u00fdch partnerov. Pri sprac\u00favan\u00ed osobn\u00fdch \u00fadajov sa prim\u00e1rne riadime&nbsp; nariaden\u00edm EU o ochrane osobn\u00fdch \u00fadajov, ktor\u00e9 upravuje aj Va\u0161e pr\u00e1va ako dotknutej osoby,&nbsp; ako aj \u010fal\u0161\u00edmi pr\u00e1vnymi predpismi, ktor\u00e9 sa na v\u00e1s vz\u0165ahuj\u00fa.<\/p>\n\n\n\n<p>Inform\u00e1cie, ktor\u00e9 sme V\u00e1m povinn\u00ed vzh\u013eadom na na\u0161e sprac\u00favanie osobn\u00fdch \u00fadajov poskytn\u00fa\u0165 sa m\u00f4\u017eu meni\u0165 alebo presta\u0165 by\u0165 aktu\u00e1lne. Z tohto d\u00f4vodu si vyhradzujeme mo\u017enos\u0165 kedyko\u013evek tieto podmienky upravi\u0165 a zmeni\u0165 v akomko\u013evek rozsahu. V pr\u00edpade, ak zmen\u00edme tieto podmienky podstatn\u00fdm sp\u00f4sobom, t\u00fato zmenu V\u00e1m d\u00e1me do pozornosti napr. v\u0161eobecn\u00fdm ozn\u00e1men\u00edm na tejto webovej str\u00e1nke alebo osobitn\u00fdm ozn\u00e1men\u00edm prostredn\u00edctvom emailu.<\/p>\n\n\n\n<p>Nitra, 1.10.2021<br>Vedenie spolo\u010dnosti ARUPA s.r.o.<\/p>\n","protected":false},"excerpt":{"rendered":"<p>Podmienky ochrany s\u00fakromia Tieto Podmienky ochrany s\u00fakromia objas\u0148uj\u00fa sp\u00f4sob sprac\u00favania osobn\u00fdch \u00fadajov poskytovania slu\u017eieb spolo\u010dnosti ARUPA s.r.o., Slne\u010dn\u00e1 3, 94901 Nitra, zap\u00edsan\u00e1 v Obchodnom registri Okresn\u00e9ho s\u00fadu Nitra, oddiel: Sro, zlo\u017eka \u010d\u00edslo 42360\/N, I\u010cO: 50675508,\u00a0 \u010falej u\u017e iba ako ARUPA s.r.o.\u00a0alebo \u201emy\u201c. V&nbsp;pr\u00edpade ak\u00fdchko\u013evek ot\u00e1zok n\u00e1s pros\u00edm kontaktujte&nbsp; na ni\u017e\u0161ie uveden\u00fdch kontaktn\u00fdch \u00fadajoch: e-mail:\u00a0milka@angelnail.sk telefonick\u00fd &hellip; <\/p>\n","protected":false},"author":1,"featured_media":0,"parent":0,"menu_order":0,"comment_status":"closed","ping_status":"closed","template":"","meta":{"footnotes":""},"class_list":["post-683","page","type-page","status-publish","hentry"],"_links":{"self":[{"href":"https:\/\/www.angelnails.sk\/web\/index.php\/wp-json\/wp\/v2\/pages\/683","targetHints":{"allow":["GET"]}}],"collection":[{"href":"https:\/\/www.angelnails.sk\/web\/index.php\/wp-json\/wp\/v2\/pages"}],"about":[{"href":"https:\/\/www.angelnails.sk\/web\/index.php\/wp-json\/wp\/v2\/types\/page"}],"author":[{"embeddable":true,"href":"https:\/\/www.angelnails.sk\/web\/index.php\/wp-json\/wp\/v2\/users\/1"}],"replies":[{"embeddable":true,"href":"https:\/\/www.angelnails.sk\/web\/index.php\/wp-json\/wp\/v2\/comments?post=683"}],"version-history":[{"count":2,"href":"https:\/\/www.angelnails.sk\/web\/index.php\/wp-json\/wp\/v2\/pages\/683\/revisions"}],"predecessor-version":[{"id":686,"href":"https:\/\/www.angelnails.sk\/web\/index.php\/wp-json\/wp\/v2\/pages\/683\/revisions\/686"}],"wp:attachment":[{"href":"https:\/\/www.angelnails.sk\/web\/index.php\/wp-json\/wp\/v2\/media?parent=683"}],"curies":[{"name":"wp","href":"https:\/\/api.w.org\/{rel}","templated":true}]}}